{"id":14,"date":"2016-09-01T09:28:42","date_gmt":"2016-09-01T07:28:42","guid":{"rendered":"http:\/\/www.susanne-theil.de\/?page_id=14"},"modified":"2023-07-17T09:11:30","modified_gmt":"2023-07-17T07:11:30","slug":"vita","status":"publish","type":"page","link":"http:\/\/www.susanne-theil.de\/?page_id=14","title":{"rendered":"Vita"},"content":{"rendered":"<div class=\"entry-content\">\n<h1>PROFIL<\/h1>\n<p>Geburtsdatum: 26.11.1980<br \/>\nGeburtsort: Freiburg i.Br.<br \/>\nStaatsangeh\u00f6rigkeit: deutsch<br \/>\nFamilienstand: ledig<br \/>\nF\u00fchrerschein: Klasse 3<br \/>\nWohnm\u00f6glichkeit: M\u00fcnchen, Stuttgart, Berlin, Karlsruhe, Freiburg<br \/>\nStimmlage: Alt<br \/>\nGr\u00f6\u00dfe: 169 cm<br \/>\nHaarfarbe: dunkelbraun,lang<br \/>\nAugenfarbe: braun<br \/>\nKonfektionsgr\u00f6\u00dfe: 36<br \/>\nSchuhgr\u00f6\u00dfe: 38<\/p>\n<h1>AUSBILDUNG<\/h1>\n<p>-Seit 2010 Mitglied der ZAV<\/p>\n<p>-Ausbildung an der Freiburger Schauspielschule<br \/>\nim E-Werk mit Abschlu\u00df im Sommer 2005<\/p>\n<p>-Studium Christl.Arch\u00e4ologie\/byz.Kunstgeschichte,<br \/>\nGermanistik,Theologie 2000\/2001<\/p>\n<p>-Abitur am Gymnasium Kenzingen 2000<\/p>\n<h1>KENNTNISSE<\/h1>\n<p>&#8211; Fachtrainerin f\u00fcr Atem\/ Stimme\/ K\u00f6rpersprache f\u00fcr &#8222;Management by Shakespeare&#8220;<\/p>\n<p>&#8211; zertifizierte\u00a0 Kinder- und Jugendgruppenleiterin<\/p>\n<p>&#8211; 11 Jahre klassischer Ballettunterricht<\/p>\n<p>&#8211; Grundausbildung im Fechten, B\u00fchnenkampf, Steppen,<br \/>\nh\u00f6fische T\u00e4nze, Pantomime<\/p>\n<p>&#8211; Klavier, Gitarre, Gesang<\/p>\n<p>&#8211; Sprachen: Englisch, Franz\u00f6sisch<br \/>\nDialekte: Badisch, Schw\u00e4bisch, S\u00e4chsisch,<br \/>\nBayrisch<\/p>\n<\/div>\n","protected":false},"excerpt":{"rendered":"<p>PROFIL Geburtsdatum: 26.11.1980 Geburtsort: Freiburg i.Br. Staatsangeh\u00f6rigkeit: deutsch Familienstand: ledig F\u00fchrerschein: Klasse 3 Wohnm\u00f6glichkeit: M\u00fcnchen, Stuttgart, Berlin, Karlsruhe, Freiburg Stimmlage: Alt Gr\u00f6\u00dfe: 169 cm Haarfarbe: dunkelbraun,lang Augenfarbe: braun Konfektionsgr\u00f6\u00dfe: 36 Schuhgr\u00f6\u00dfe: 38 AUSBILDUNG -Seit 2010 Mitglied der ZAV -Ausbildung an &hellip; <a href=\"http:\/\/www.susanne-theil.de\/?page_id=14\">Weiterlesen <span class=\"meta-nav\">&rarr;<\/span><\/a><\/p>\n","protected":false},"author":1,"featured_media":0,"parent":0,"menu_order":0,"comment_status":"closed","ping_status":"closed","template":"","meta":{"footnotes":""},"class_list":["post-14","page","type-page","status-publish","hentry"],"_links":{"self":[{"href":"http:\/\/www.susanne-theil.de\/index.php?rest_route=\/wp\/v2\/pages\/14","targetHints":{"allow":["GET"]}}],"collection":[{"href":"http:\/\/www.susanne-theil.de\/index.php?rest_route=\/wp\/v2\/pages"}],"about":[{"href":"http:\/\/www.susanne-theil.de\/index.php?rest_route=\/wp\/v2\/types\/page"}],"author":[{"embeddable":true,"href":"http:\/\/www.susanne-theil.de\/index.php?rest_route=\/wp\/v2\/users\/1"}],"replies":[{"embeddable":true,"href":"http:\/\/www.susanne-theil.de\/index.php?rest_route=%2Fwp%2Fv2%2Fcomments&post=14"}],"version-history":[{"count":3,"href":"http:\/\/www.susanne-theil.de\/index.php?rest_route=\/wp\/v2\/pages\/14\/revisions"}],"predecessor-version":[{"id":403,"href":"http:\/\/www.susanne-theil.de\/index.php?rest_route=\/wp\/v2\/pages\/14\/revisions\/403"}],"wp:attachment":[{"href":"http:\/\/www.susanne-theil.de\/index.php?rest_route=%2Fwp%2Fv2%2Fmedia&parent=14"}],"curies":[{"name":"wp","href":"https:\/\/api.w.org\/{rel}","templated":true}]}}